{"id":8,"date":"2021-10-07T12:57:10","date_gmt":"2021-10-07T12:57:10","guid":{"rendered":"https:\/\/expoberja-alpujarra.es\/?page_id=8"},"modified":"2025-10-28T11:54:17","modified_gmt":"2025-10-28T11:54:17","slug":"8-2","status":"publish","type":"page","link":"https:\/\/expoberja-alpujarra.es\/","title":{"rendered":""},"content":{"rendered":"<p>[et_pb_section fb_built=\u00bb1&#8243; admin_label=\u00bbconference\u00bb _builder_version=\u00bb3.22&#8243; custom_padding=\u00bb||30px|||\u00bb global_colors_info=\u00bb{}\u00bb][et_pb_row column_structure=\u00bb1_2,1_2&#8243; padding_top_bottom_link_1=\u00bbtrue\u00bb padding_left_right_link_1=\u00bbtrue\u00bb _builder_version=\u00bb4.11.1&#8243; background_color=\u00bbRGBA(0,0,0,0)\u00bb global_colors_info=\u00bb{}\u00bb][et_pb_column type=\u00bb1_2&#8243; _builder_version=\u00bb3.25&#8243; background_image=\u00bbhttps:\/\/expoberja-alpujarra.es\/wp-content\/uploads\/2021\/10\/column-background-02.png\u00bb custom_padding=\u00bb50px|50px|50px|50px\u00bb custom_padding_tablet=\u00bb\u00bb custom_padding_phone=\u00bb20px|20px|20px|20px|true|true\u00bb custom_padding_last_edited=\u00bbon|phone\u00bb global_colors_info=\u00bb{}\u00bb custom_padding__hover=\u00bb|||\u00bb][et_pb_image src=\u00bbhttps:\/\/expoberja-alpujarra.es\/wp-content\/uploads\/2025\/10\/Cartel-EXPOBERJA-2025.jpg\u00bb title_text=\u00bbexpoberja 2025 c\u00bb align_tablet=\u00bbcenter\u00bb align_phone=\u00bb\u00bb align_last_edited=\u00bbon|desktop\u00bb _builder_version=\u00bb4.11.1&#8243; animation_style=\u00bbzoom\u00bb animation_intensity_zoom=\u00bb10%\u00bb box_shadow_style=\u00bbpreset1&#8243; box_shadow_vertical=\u00bb32px\u00bb box_shadow_blur=\u00bb100px\u00bb box_shadow_color=\u00bbrgba(0,0,0,0.15)\u00bb global_colors_info=\u00bb{}\u00bb][\/et_pb_image][\/et_pb_column][et_pb_column type=\u00bb1_2&#8243; _builder_version=\u00bb3.25&#8243; custom_padding=\u00bb200px|||\u00bb custom_padding_tablet=\u00bb0px|||\u00bb custom_padding_phone=\u00bb\u00bb custom_padding_last_edited=\u00bbon|desktop\u00bb global_colors_info=\u00bb{}\u00bb custom_padding__hover=\u00bb|||\u00bb][et_pb_text _builder_version=\u00bb4.11.1&#8243; text_font=\u00bb||||||||\u00bb text_font_size=\u00bb16px\u00bb text_line_height=\u00bb1.9em\u00bb header_font=\u00bb||||||||\u00bb header_2_font=\u00bbRoboto|300|||||||\u00bb header_2_font_size=\u00bb50px\u00bb header_2_line_height=\u00bb1.4em\u00bb header_2_font_size_tablet=\u00bb40px\u00bb header_2_font_size_phone=\u00bb32px\u00bb header_2_font_size_last_edited=\u00bbon|phone\u00bb inline_fonts=\u00bbAsap\u00bb global_colors_info=\u00bb{}\u00bb]<\/p>\n<h2><span style=\"color: #7c465d;\"><strong><span style=\"font-family: Asap;\">Te esperamos del 31 de octubre al 2 de noviembre<\/span><\/strong><\/span><\/h2>\n<p>Vuelve una nueva edici\u00f3n de la feria ExpoBerja &#8211; Alpujarra al Centro de Usos M\u00faltiples de Berja (Almer\u00eda).<\/p>\n<p>[\/et_pb_text][et_pb_button button_url=\u00bbhttps:\/\/expoberja-alpujarra.es\/wp-content\/uploads\/2025\/10\/Tapavoto-Ruta-de-la-Tapa-de-Berja-2025.pdf\u00bb url_new_window=\u00bbon\u00bb button_text=\u00bbRuta de la tapa\u00bb _builder_version=\u00bb4.11.1&#8243; custom_button=\u00bbon\u00bb button_text_size=\u00bb14px\u00bb button_text_color=\u00bb#FFFFFF\u00bb button_bg_color=\u00bb#E09900&#8243; button_border_width=\u00bb10px\u00bb button_border_color=\u00bbrgba(0,0,0,0)\u00bb button_border_radius=\u00bb100px\u00bb button_letter_spacing=\u00bb3px\u00bb button_font=\u00bbRoboto|700||on|||||\u00bb button_text_color_hover=\u00bb#ffffff\u00bb button_letter_spacing_hover=\u00bb3px\u00bb global_colors_info=\u00bb{}\u00bb button_text_size__hover_enabled=\u00bboff\u00bb button_one_text_size__hover_enabled=\u00bboff\u00bb button_two_text_size__hover_enabled=\u00bboff\u00bb button_text_color__hover_enabled=\u00bbon\u00bb button_text_color__hover=\u00bb#ffffff\u00bb button_one_text_color__hover_enabled=\u00bboff\u00bb button_two_text_color__hover_enabled=\u00bboff\u00bb button_border_width__hover_enabled=\u00bboff\u00bb button_one_border_width__hover_enabled=\u00bboff\u00bb button_two_border_width__hover_enabled=\u00bboff\u00bb button_border_color__hover_enabled=\u00bboff\u00bb button_one_border_color__hover_enabled=\u00bboff\u00bb button_two_border_color__hover_enabled=\u00bboff\u00bb button_border_radius__hover_enabled=\u00bboff\u00bb button_one_border_radius__hover_enabled=\u00bboff\u00bb button_two_border_radius__hover_enabled=\u00bboff\u00bb button_letter_spacing__hover_enabled=\u00bbon\u00bb button_letter_spacing__hover=\u00bb3px\u00bb button_one_letter_spacing__hover_enabled=\u00bboff\u00bb button_two_letter_spacing__hover_enabled=\u00bboff\u00bb button_bg_color__hover_enabled=\u00bboff\u00bb button_one_bg_color__hover_enabled=\u00bboff\u00bb button_two_bg_color__hover_enabled=\u00bboff\u00bb][\/et_pb_button][\/et_pb_column][\/et_pb_row][et_pb_row _builder_version=\u00bb4.11.1&#8243; _module_preset=\u00bbdefault\u00bb global_colors_info=\u00bb{}\u00bb][et_pb_column type=\u00bb4_4&#8243; _builder_version=\u00bb4.11.1&#8243; _module_preset=\u00bbdefault\u00bb global_colors_info=\u00bb{}\u00bb][et_pb_text _builder_version=\u00bb4.11.1&#8243; text_font=\u00bb||||||||\u00bb text_font_size=\u00bb20px\u00bb text_line_height=\u00bb1.9em\u00bb header_font=\u00bb||||||||\u00bb header_2_font=\u00bbRoboto|300|||||||\u00bb header_2_font_size=\u00bb50px\u00bb header_2_line_height=\u00bb1.2em\u00bb text_orientation=\u00bbcenter\u00bb max_width=\u00bb700px\u00bb max_width_tablet=\u00bb\u00bb max_width_phone=\u00bb\u00bb max_width_last_edited=\u00bbon|desktop\u00bb module_alignment=\u00bbcenter\u00bb header_2_font_size_tablet=\u00bb40px\u00bb header_2_font_size_phone=\u00bb32px\u00bb header_2_font_size_last_edited=\u00bbon|phone\u00bb global_colors_info=\u00bb{}\u00bb]<\/p>\n<h2>Expositores<\/h2>\n<p>[\/et_pb_text][et_pb_text _builder_version=\u00bb4.11.1&#8243; _module_preset=\u00bbdefault\u00bb global_colors_info=\u00bb{}\u00bb]1. YOHAN PIEL<br \/>\n2. SANTA SABINA SANTO\u00d1A<br \/>\n3. APICULTURA PE\u00d1A<br \/>\n4. GLOBASUR<br \/>\n5. DULCES PEDRO VALVERDE<br \/>\n6. IB\u00c9RICOS SALAMANCA<br \/>\n7. CREACIONES DULCES<br \/>\n8. MIARUCA<br \/>\n9. ECLIPSE ZAPATER\u00cdA<br \/>\n10. RECICLADOS SALMER\u00d3N<br \/>\n11. QUESOS MEDAL<br \/>\n12. ACEITUNAS Y ENCURTIDOS JES\u00daS L\u00d3PEZ<br \/>\n13. ALFARER\u00cdA GONZ\u00c1LEZ CASTEJ\u00d3N<br \/>\n14. ASOCIACI\u00d3N TAURINA FRAN LUPI\u00d3N<br \/>\n15. LA TERESITA<br \/>\n16. ENTRESIERRAS<br \/>\n17. MANZANOS MODAS<br \/>\n18. CL\u00cdNICA M\u00c9DICO-EST\u00c9TICA D\u00daO<br \/>\n19. LENCER\u00cdA Y MODA NINA<br \/>\n20. TATTOO 13.14<br \/>\n21. MARAL EVENTOS<br \/>\n22. NEXT GAME<br \/>\n23. THERMOMIX &#8211; KOBOLD<br \/>\n24.<br \/>\n25. EMBUTIDOS ALPUJARRE\u00d1OS<br \/>\n26. TURRONES OLULA DE CASTRO<br \/>\n27. BERJA 1569<br \/>\n28. CENTRO VIRGITANO DE ESTUDIOS HIST\u00d3RICOS<br \/>\n29. JUGUETER\u00cdA PITUFO<br \/>\n30. TERRAL PLAZA<br \/>\n31. PLANTACAR<br \/>\n32. WELLNES COSM\u00c9TICA NATURAL<br \/>\n33. EL TALLER DE ANA<br \/>\n34. TURISMO BERJA<br \/>\n35. RADIO BERJA<br \/>\n36. PROTECCI\u00d3N CIVIL<br \/>\n37. ALFIBER<br \/>\n38. BERJARTE<br \/>\n39. EN FAMILIA POR DERECHO<br \/>\n40. ARTESAN\u00cdA MANUEL UTRILLA<br \/>\n41. GARBANZOS YACET<br \/>\n42. EXPOBAR[\/et_pb_text][et_pb_image src=\u00bbhttps:\/\/expoberja-alpujarra.es\/wp-content\/uploads\/2025\/10\/Plano-expoberja-2025-reducido.jpg\u00bb title_text=\u00bbPlano expoberja 2025 reducido\u00bb _builder_version=\u00bb4.11.1&#8243; _module_preset=\u00bbdefault\u00bb global_colors_info=\u00bb{}\u00bb][\/et_pb_image][\/et_pb_column][\/et_pb_row][\/et_pb_section][et_pb_section fb_built=\u00bb1&#8243; _builder_version=\u00bb4.11.1&#8243; _module_preset=\u00bbdefault\u00bb global_colors_info=\u00bb{}\u00bb custom_padding=\u00bb54px||54px||true|\u00bb][et_pb_row _builder_version=\u00bb4.11.1&#8243; _module_preset=\u00bbdefault\u00bb global_colors_info=\u00bb{}\u00bb][et_pb_column type=\u00bb4_4&#8243; _builder_version=\u00bb4.11.1&#8243; _module_preset=\u00bbdefault\u00bb global_colors_info=\u00bb{}\u00bb][et_pb_image src=\u00bbhttps:\/\/expoberja-alpujarra.es\/wp-content\/uploads\/2025\/10\/exterior-folleto-expo-2025.jpg\u00bb _builder_version=\u00bb4.11.1&#8243; _module_preset=\u00bbdefault\u00bb title_text=\u00bbexterior folleto expo 2025&#8243; hover_enabled=\u00bb0&#8243; sticky_enabled=\u00bb0&#8243;][\/et_pb_image][\/et_pb_column][\/et_pb_row][et_pb_row _builder_version=\u00bb4.11.1&#8243; _module_preset=\u00bbdefault\u00bb global_colors_info=\u00bb{}\u00bb][et_pb_column type=\u00bb4_4&#8243; _builder_version=\u00bb4.11.1&#8243; _module_preset=\u00bbdefault\u00bb global_colors_info=\u00bb{}\u00bb][\/et_pb_column][\/et_pb_row][\/et_pb_section][et_pb_section fb_built=\u00bb1&#8243; admin_label=\u00bbSchedule\u00bb _builder_version=\u00bb3.22&#8243; max_width_tablet=\u00bb\u00bb max_width_phone=\u00bb100%\u00bb max_width_last_edited=\u00bbon|phone\u00bb custom_margin=\u00bb|||\u00bb custom_padding=\u00bb54px|0px|100px|0px|false|false\u00bb global_colors_info=\u00bb{}\u00bb][et_pb_row _builder_version=\u00bb3.25&#8243; min_height=\u00bb96px\u00bb custom_margin=\u00bb|auto|20px|auto||\u00bb custom_padding=\u00bb||11px|||\u00bb global_colors_info=\u00bb{}\u00bb][et_pb_column type=\u00bb4_4&#8243; _builder_version=\u00bb3.25&#8243; custom_padding=\u00bb|||\u00bb global_colors_info=\u00bb{}\u00bb custom_padding__hover=\u00bb|||\u00bb][et_pb_text _builder_version=\u00bb4.11.1&#8243; text_font=\u00bb||||||||\u00bb text_font_size=\u00bb20px\u00bb text_line_height=\u00bb1.9em\u00bb header_font=\u00bb||||||||\u00bb header_2_font=\u00bbRoboto|300|||||||\u00bb header_2_font_size=\u00bb50px\u00bb header_2_line_height=\u00bb1.2em\u00bb text_orientation=\u00bbcenter\u00bb max_width=\u00bb700px\u00bb max_width_tablet=\u00bb\u00bb max_width_phone=\u00bb\u00bb max_width_last_edited=\u00bbon|desktop\u00bb module_alignment=\u00bbcenter\u00bb header_2_font_size_tablet=\u00bb40px\u00bb header_2_font_size_phone=\u00bb32px\u00bb header_2_font_size_last_edited=\u00bbon|phone\u00bb global_colors_info=\u00bb{}\u00bb]<\/p>\n<h2>Programaci\u00f3n<\/h2>\n<p>[\/et_pb_text][\/et_pb_column][\/et_pb_row][et_pb_row disabled_on=\u00bbon|on|on\u00bb _builder_version=\u00bb4.11.1&#8243; _module_preset=\u00bbdefault\u00bb disabled=\u00bbon\u00bb global_colors_info=\u00bb{}\u00bb][et_pb_column type=\u00bb4_4&#8243; _builder_version=\u00bb4.11.1&#8243; _module_preset=\u00bbdefault\u00bb global_colors_info=\u00bb{}\u00bb][et_pb_accordion _builder_version=\u00bb4.11.1&#8243; _module_preset=\u00bbdefault\u00bb global_colors_info=\u00bb{}\u00bb][et_pb_accordion_item title=\u00bbViernes 3 de noviembre\u00bb open=\u00bbon\u00bb _builder_version=\u00bb4.11.1&#8243; _module_preset=\u00bbdefault\u00bb global_colors_info=\u00bb{}\u00bb]<\/p>\n<div><strong>11:00h<\/strong> Apertura de la XXIV ExpoBerja &#8211; Alpujarra<span> <\/span><\/div>\n<div><span> <\/span><\/div>\n<div><strong>11:00h<\/strong> Desayuno con los mayores de la Residencia Ciudad de Berja y el Centro de D\u00eda\u00a0\u00a0<\/div>\n<div><span> <\/span><\/div>\n<div><strong>13:00h<\/strong> Inicio de la Ruta de la Tapa 2024<\/div>\n<div><\/div>\n<div><\/div>\n<div><\/div>\n<div><strong>17:30h<\/strong> Espect\u00e1culo familiar: El Patio de Mi casa<\/div>\n<div><\/div>\n<div><\/div>\n<div><\/div>\n<div><\/div>\n<div><strong>18:30h<\/strong> Desfile de trajes y vestidos de comuni\u00f3n a cargo de Miaruca con la colaboraci\u00f3n del Desv\u00e1n de Merche<\/div>\n<div><\/div>\n<div><strong>19:30h<\/strong> Tributo a Estopa: a toda pastilla<\/div>\n<div><\/div>\n<div><\/div>\n<div><\/div>\n<div><\/div>\n<div><\/div>\n<div><\/div>\n<div><\/div>\n<div><\/div>\n<div><strong>21:30h<\/strong> Cierre de la XXIV ExpoBerja &#8211; Alpujarra<span> <\/span><\/div>\n<p>[\/et_pb_accordion_item][et_pb_accordion_item title=\u00bbS\u00e1bado 2 de noviembre\u00bb _builder_version=\u00bb4.11.1&#8243; _module_preset=\u00bbdefault\u00bb global_colors_info=\u00bb{}\u00bb open=\u00bboff\u00bb]<\/p>\n<p><strong>11:00h<\/strong> Apertura de la XXIV ExpoBerja &#8211; Alpujarra<\/p>\n<p><strong>11:00h<\/strong> Inauguraci\u00f3n de la escultura en honor al pasado minero con visita guiada. Inicio: Casa de la Cultura de Berja<br \/>Fin del itinerario en la ExpoBerja.<\/p>\n<p><strong>De 11:00 a 14:00h<\/strong> Talleres infantiles: juegos tradicionales y canciones<\/p>\n<p><strong>17:00h<\/strong> Taller de galletas a cargo de La Teresita<\/p>\n<p><strong>18:00h<\/strong> Exhibici\u00f3n de crossfit a cargo de Monkey Box<\/p>\n<p><strong>18:30h<\/strong> Espect\u00e1culo de humor a cargo del famoso Trino, de la Voz del becario<\/p>\n<p><strong>20:00h<\/strong> Concierto de Jes\u00fas Cort\u00e9s<\/p>\n<p><strong>21:30h<\/strong> Cierre de la XXIV ExpoBerja &#8211; Alpujarra<\/p>\n<p>[\/et_pb_accordion_item][et_pb_accordion_item title=\u00bbDomingo 3 de noviembre\u00bb _builder_version=\u00bb4.11.1&#8243; _module_preset=\u00bbdefault\u00bb global_colors_info=\u00bb{}\u00bb open=\u00bboff\u00bb]<\/p>\n<div><\/div>\n<div><strong>11:00h<\/strong> Apertura de la XXIV ExpoBerja &#8211; Alpujarra<span> <\/span><\/div>\n<div><\/div>\n<div><strong>De 11:00 a 13:00h<\/strong> S\u00fabete en <span> <\/span> el Globo aerost\u00e1tico <span> <\/span>cautivo de la <span> <\/span>ExpoBerja.\u00a0<\/div>\n<div><span> \u00a0 \u00a0Entrada 2\u20ac<\/span><\/div>\n<div><\/div>\n<div><strong>12:00h<\/strong> Taller de RCP a cargo de \u2018Vida solo una\u2019<\/div>\n<div><\/div>\n<div><\/div>\n<div><strong>13:00h<\/strong> Exhibici\u00f3n de coches radiocontrol a cargo del Club de RC Con dos pistones<\/div>\n<div><\/div>\n<div><strong>17:30h<\/strong> Cierre de la urna del tapa-voto<\/div>\n<div><\/div>\n<div><strong>19:00h<\/strong> Homenaje a\u00a0 comerciantes jubilados<\/div>\n<div><\/div>\n<div><strong>19:30h<\/strong> Entrega de premios de la XVII Ruta de la Tapa<\/div>\n<div><\/div>\n<div><\/div>\n<div><\/div>\n<div><\/div>\n<div><\/div>\n<div><\/div>\n<div><\/div>\n<div><\/div>\n<div><\/div>\n<div><\/div>\n<div><\/div>\n<div><\/div>\n<div><\/div>\n<div><\/div>\n<div><\/div>\n<div><\/div>\n<div><\/div>\n<div><\/div>\n<div><strong>20:00h<\/strong><span> <\/span>Cierre de la XXIV ExpoBerja &#8211; Alpujarra<\/div>\n<p>&nbsp;<\/p>\n<p>[\/et_pb_accordion_item][\/et_pb_accordion][\/et_pb_column][\/et_pb_row][et_pb_row _builder_version=\u00bb3.25&#8243; custom_margin=\u00bb40px|||\u00bb global_colors_info=\u00bb{}\u00bb][et_pb_column type=\u00bb4_4&#8243; _builder_version=\u00bb3.25&#8243; custom_padding=\u00bb|||\u00bb global_colors_info=\u00bb{}\u00bb custom_padding__hover=\u00bb|||\u00bb][et_pb_button button_url=\u00bbhttps:\/\/expoberja-alpujarra.es\/wp-content\/uploads\/2024\/10\/ExpoBerja-2024.pdf\u00bb button_text=\u00bbDESCARGAR PROGRAMACI\u00d3N\u00bb button_alignment=\u00bbcenter\u00bb _builder_version=\u00bb4.11.1&#8243; custom_button=\u00bbon\u00bb button_text_size=\u00bb14px\u00bb button_text_color=\u00bb#ffffff\u00bb button_bg_color=\u00bb#06c8ff\u00bb button_border_width=\u00bb10px\u00bb button_border_color=\u00bbrgba(0,0,0,0)\u00bb button_border_radius=\u00bb100px\u00bb button_letter_spacing=\u00bb3px\u00bb button_font=\u00bbRoboto|700||on|||||\u00bb button_text_color_hover=\u00bb#ffffff\u00bb button_letter_spacing_hover=\u00bb3px\u00bb locked=\u00bboff\u00bb global_colors_info=\u00bb{}\u00bb button_text_size__hover_enabled=\u00bboff\u00bb button_one_text_size__hover_enabled=\u00bboff\u00bb button_two_text_size__hover_enabled=\u00bboff\u00bb button_text_color__hover_enabled=\u00bbon\u00bb button_text_color__hover=\u00bb#ffffff\u00bb button_one_text_color__hover_enabled=\u00bboff\u00bb button_two_text_color__hover_enabled=\u00bboff\u00bb button_border_width__hover_enabled=\u00bboff\u00bb button_one_border_width__hover_enabled=\u00bboff\u00bb button_two_border_width__hover_enabled=\u00bboff\u00bb button_border_color__hover_enabled=\u00bboff\u00bb button_one_border_color__hover_enabled=\u00bboff\u00bb button_two_border_color__hover_enabled=\u00bboff\u00bb button_border_radius__hover_enabled=\u00bboff\u00bb button_one_border_radius__hover_enabled=\u00bboff\u00bb button_two_border_radius__hover_enabled=\u00bboff\u00bb button_letter_spacing__hover_enabled=\u00bbon\u00bb button_letter_spacing__hover=\u00bb3px\u00bb button_one_letter_spacing__hover_enabled=\u00bboff\u00bb button_two_letter_spacing__hover_enabled=\u00bboff\u00bb button_bg_color__hover_enabled=\u00bboff\u00bb button_one_bg_color__hover_enabled=\u00bboff\u00bb button_two_bg_color__hover_enabled=\u00bboff\u00bb][\/et_pb_button][\/et_pb_column][\/et_pb_row][et_pb_row _builder_version=\u00bb4.11.1&#8243; _module_preset=\u00bbdefault\u00bb global_colors_info=\u00bb{}\u00bb][et_pb_column type=\u00bb4_4&#8243; _builder_version=\u00bb4.11.1&#8243; _module_preset=\u00bbdefault\u00bb global_colors_info=\u00bb{}\u00bb][\/et_pb_column][\/et_pb_row][\/et_pb_section][et_pb_section fb_built=\u00bb1&#8243; admin_label=\u00bbtapa\u00bb _builder_version=\u00bb4.11.1&#8243; background_image=\u00bbhttps:\/\/expoberja-alpujarra.es\/wp-content\/uploads\/2021\/10\/bg-4.png\u00bb background_size=\u00bbinitial\u00bb background_position=\u00bbbottom_left\u00bb custom_padding=\u00bb54px|0px|0|0px|false|false\u00bb global_colors_info=\u00bb{}\u00bb][et_pb_row column_structure=\u00bb1_2,1_2&#8243; padding_top_bottom_link_1=\u00bbfalse\u00bb padding_top_bottom_link_2=\u00bbfalse\u00bb padding_left_right_link_2=\u00bbtrue\u00bb _builder_version=\u00bb3.25&#8243; custom_padding=\u00bb27px|0px|0|0px|false|false\u00bb global_colors_info=\u00bb{}\u00bb][et_pb_column type=\u00bb1_2&#8243; _builder_version=\u00bb3.25&#8243; custom_padding=\u00bb10%||40px|\u00bb custom_padding_tablet=\u00bb0px||0px|\u00bb custom_padding_phone=\u00bb\u00bb custom_padding_last_edited=\u00bbon|desktop\u00bb global_colors_info=\u00bb{}\u00bb custom_padding__hover=\u00bb|||\u00bb][et_pb_text _builder_version=\u00bb4.11.1&#8243; text_font=\u00bb||||||||\u00bb text_font_size=\u00bb20px\u00bb text_line_height=\u00bb1.9em\u00bb header_font=\u00bb||||||||\u00bb header_2_font=\u00bbRoboto|300|||||||\u00bb header_2_font_size=\u00bb50px\u00bb header_2_line_height=\u00bb1.2em\u00bb max_width=\u00bb700px\u00bb max_width_tablet=\u00bb\u00bb max_width_phone=\u00bb\u00bb max_width_last_edited=\u00bbon|desktop\u00bb module_alignment=\u00bbcenter\u00bb header_2_font_size_tablet=\u00bb40px\u00bb header_2_font_size_phone=\u00bb32px\u00bb header_2_font_size_last_edited=\u00bbon|phone\u00bb global_colors_info=\u00bb{}\u00bb]<\/p>\n<h2>Ruta de la Tapa<\/h2>\n<p>Del 31 de octubre al 2 de noviembre<\/p>\n<p>[\/et_pb_text][et_pb_button button_url=\u00bbhttps:\/\/expoberja-alpujarra.es\/wp-content\/uploads\/2025\/10\/Tapavoto-Ruta-de-la-Tapa-de-Berja-2025.pdf\u00bb button_text=\u00bbDESCARGAR TAPAVOTO\u00bb _builder_version=\u00bb4.11.1&#8243; custom_button=\u00bbon\u00bb button_text_size=\u00bb14px\u00bb button_text_color=\u00bb#ffffff\u00bb button_bg_color=\u00bb#DD642C\u00bb button_border_width=\u00bb10px\u00bb button_border_color=\u00bbrgba(0,0,0,0)\u00bb button_border_radius=\u00bb100px\u00bb button_letter_spacing=\u00bb3px\u00bb button_font=\u00bbRoboto|700||on|||||\u00bb button_text_color_hover=\u00bb#ffffff\u00bb button_letter_spacing_hover=\u00bb3px\u00bb global_colors_info=\u00bb{}\u00bb button_text_size__hover_enabled=\u00bboff\u00bb button_one_text_size__hover_enabled=\u00bboff\u00bb button_two_text_size__hover_enabled=\u00bboff\u00bb button_text_color__hover_enabled=\u00bbon\u00bb button_text_color__hover=\u00bb#ffffff\u00bb button_one_text_color__hover_enabled=\u00bboff\u00bb button_two_text_color__hover_enabled=\u00bboff\u00bb button_border_width__hover_enabled=\u00bboff\u00bb button_one_border_width__hover_enabled=\u00bboff\u00bb button_two_border_width__hover_enabled=\u00bboff\u00bb button_border_color__hover_enabled=\u00bboff\u00bb button_one_border_color__hover_enabled=\u00bboff\u00bb button_two_border_color__hover_enabled=\u00bboff\u00bb button_border_radius__hover_enabled=\u00bboff\u00bb button_one_border_radius__hover_enabled=\u00bboff\u00bb button_two_border_radius__hover_enabled=\u00bboff\u00bb button_letter_spacing__hover_enabled=\u00bbon\u00bb button_letter_spacing__hover=\u00bb3px\u00bb button_one_letter_spacing__hover_enabled=\u00bboff\u00bb button_two_letter_spacing__hover_enabled=\u00bboff\u00bb button_bg_color__hover_enabled=\u00bboff\u00bb button_one_bg_color__hover_enabled=\u00bboff\u00bb button_two_bg_color__hover_enabled=\u00bboff\u00bb][\/et_pb_button][\/et_pb_column][et_pb_column type=\u00bb1_2&#8243; _builder_version=\u00bb3.25&#8243; background_image=\u00bbhttps:\/\/expoberja-alpujarra.es\/wp-content\/uploads\/2021\/10\/column-background-03-1.png\u00bb custom_padding=\u00bb50px|50px||50px\u00bb custom_padding_tablet=\u00bb\u00bb custom_padding_phone=\u00bb20px|20px||20px||true\u00bb custom_padding_last_edited=\u00bbon|phone\u00bb global_colors_info=\u00bb{}\u00bb custom_padding__hover=\u00bb|||\u00bb][et_pb_image src=\u00bbhttps:\/\/expoberja-alpujarra.es\/wp-content\/uploads\/2025\/10\/Cartel-Ruta-de-la-Tapa-2025.jpg\u00bb title_text=\u00bb18 RUTA DE LA TAPA TAPAVOTO\u00bb align_tablet=\u00bbcenter\u00bb align_phone=\u00bb\u00bb align_last_edited=\u00bbon|desktop\u00bb _builder_version=\u00bb4.11.1&#8243; animation_style=\u00bbzoom\u00bb animation_intensity_zoom=\u00bb10%\u00bb box_shadow_style=\u00bbpreset1&#8243; box_shadow_vertical=\u00bb32px\u00bb box_shadow_blur=\u00bb100px\u00bb box_shadow_color=\u00bbrgba(0,0,0,0.15)\u00bb global_colors_info=\u00bb{}\u00bb][\/et_pb_image][\/et_pb_column][\/et_pb_row][\/et_pb_section][et_pb_section fb_built=\u00bb1&#8243; admin_label=\u00bbTicket pricing\u00bb _builder_version=\u00bb3.22&#8243; background_image=\u00bbhttps:\/\/expoberja-alpujarra.es\/wp-content\/uploads\/2021\/10\/bg-4.png\u00bb background_size=\u00bbinitial\u00bb background_position=\u00bbbottom_right\u00bb custom_padding=\u00bb54px|0px|0|0px|false|false\u00bb global_colors_info=\u00bb{}\u00bb][et_pb_row _builder_version=\u00bb4.11.1&#8243; background_image=\u00bbhttps:\/\/expoberja-alpujarra.es\/wp-content\/uploads\/2021\/10\/column-background-01.png\u00bb custom_padding=\u00bb50px|50px|0|50px|false|false\u00bb global_colors_info=\u00bb{}\u00bb][et_pb_column type=\u00bb4_4&#8243; _builder_version=\u00bb3.25&#8243; custom_padding=\u00bb|||\u00bb global_colors_info=\u00bb{}\u00bb custom_padding__hover=\u00bb|||\u00bb][et_pb_video src=\u00bbhttps:\/\/www.youtube.com\/watch?v=RrnmDcvK9xQ\u00bb image_src=\u00bb\/\/i.ytimg.com\/vi\/RrnmDcvK9xQ\/hqdefault.jpg\u00bb _builder_version=\u00bb4.11.1&#8243; animation_style=\u00bbzoom\u00bb animation_direction=\u00bbbottom\u00bb animation_intensity_zoom=\u00bb10%\u00bb animation_starting_opacity=\u00bb100%\u00bb box_shadow_style=\u00bbpreset1&#8243; box_shadow_vertical=\u00bb32px\u00bb box_shadow_blur=\u00bb100px\u00bb box_shadow_color=\u00bbrgba(0,0,0,0.15)\u00bb global_colors_info=\u00bb{}\u00bb][\/et_pb_video][\/et_pb_column][\/et_pb_row][\/et_pb_section][et_pb_section fb_built=\u00bb1&#8243; admin_label=\u00bbGet Your Tickets &#038; Get In Touch\u00bb _builder_version=\u00bb3.22&#8243; use_background_color_gradient=\u00bbon\u00bb background_color_gradient_start=\u00bb#06C8FF\u00bb background_color_gradient_end=\u00bb#00B1E4&#8243; background_color_gradient_direction=\u00bb90deg\u00bb min_height=\u00bb443px\u00bb custom_margin=\u00bb|||\u00bb custom_padding=\u00bb80px||80px||true|false\u00bb global_colors_info=\u00bb{}\u00bb][et_pb_row column_structure=\u00bb1_2,1_2&#8243; _builder_version=\u00bb3.25&#8243; global_colors_info=\u00bb{}\u00bb][et_pb_column type=\u00bb1_2&#8243; _builder_version=\u00bb3.25&#8243; custom_padding=\u00bb|||\u00bb global_colors_info=\u00bb{}\u00bb custom_padding__hover=\u00bb|||\u00bb][et_pb_text _builder_version=\u00bb3.27.4&#8243; text_font=\u00bb||||||||\u00bb text_font_size=\u00bb16px\u00bb text_line_height=\u00bb1.9em\u00bb header_font=\u00bb||||||||\u00bb header_2_font=\u00bbRoboto|300|||||||\u00bb header_2_font_size=\u00bb50px\u00bb header_2_line_height=\u00bb1.2em\u00bb background_layout=\u00bbdark\u00bb header_2_font_size_tablet=\u00bb40px\u00bb header_2_font_size_phone=\u00bb32px\u00bb header_2_font_size_last_edited=\u00bbon|phone\u00bb locked=\u00bboff\u00bb global_colors_info=\u00bb{}\u00bb]<\/p>\n<h2>Cont\u00e1ctanos<\/h2>\n<p>&nbsp;<\/p>\n<p>[\/et_pb_text][\/et_pb_column][et_pb_column type=\u00bb1_2&#8243; _builder_version=\u00bb3.25&#8243; custom_padding=\u00bb|||\u00bb global_colors_info=\u00bb{}\u00bb custom_padding__hover=\u00bb|||\u00bb][et_pb_contact_form captcha=\u00bboff\u00bb email=\u00bbberjadigital@gmail.com\u00bb submit_button_text=\u00bbEnviar\u00bb module_id=\u00bbet_pb_contact_form_0&#8243; _builder_version=\u00bb4.11.1&#8243; form_field_background_color=\u00bbrgba(255,255,255,0.16)\u00bb title_level=\u00bbh2&#8243; title_font=\u00bbRoboto|300|||||||\u00bb title_text_color=\u00bb#ffffff\u00bb title_font_size=\u00bb50px\u00bb title_line_height=\u00bb1.4em\u00bb form_field_font=\u00bbRoboto||||||||\u00bb form_field_font_size=\u00bb20px\u00bb form_field_line_height=\u00bb1.9em\u00bb custom_button=\u00bbon\u00bb button_text_size=\u00bb14px\u00bb button_text_color=\u00bb#04bff4&#8243; button_bg_color=\u00bb#ffffff\u00bb button_border_width=\u00bb10px\u00bb button_border_color=\u00bbrgba(0,0,0,0)\u00bb button_border_radius=\u00bb100px\u00bb button_letter_spacing=\u00bb3px\u00bb button_font=\u00bbRoboto|700||on|||||\u00bb title_font_size_tablet=\u00bb40px\u00bb title_font_size_phone=\u00bb32px\u00bb title_font_size_last_edited=\u00bbon|phone\u00bb form_background_color=\u00bbrgba(255,255,255,0.16)\u00bb global_colors_info=\u00bb{}\u00bb button_letter_spacing_hover=\u00bb3px\u00bb][et_pb_contact_field field_id=\u00bbName\u00bb field_title=\u00bbNombre\u00bb _builder_version=\u00bb4.11.1&#8243; form_field_text_color=\u00bb#ffffff\u00bb form_field_font_size=\u00bb16px\u00bb border_color_all=\u00bb#ffffff\u00bb global_colors_info=\u00bb{}\u00bb button_text_size__hover_enabled=\u00bboff\u00bb button_one_text_size__hover_enabled=\u00bboff\u00bb button_two_text_size__hover_enabled=\u00bboff\u00bb button_text_color__hover_enabled=\u00bboff\u00bb button_one_text_color__hover_enabled=\u00bboff\u00bb button_two_text_color__hover_enabled=\u00bboff\u00bb button_border_width__hover_enabled=\u00bboff\u00bb button_one_border_width__hover_enabled=\u00bboff\u00bb button_two_border_width__hover_enabled=\u00bboff\u00bb button_border_color__hover_enabled=\u00bboff\u00bb button_one_border_color__hover_enabled=\u00bboff\u00bb button_two_border_color__hover_enabled=\u00bboff\u00bb button_border_radius__hover_enabled=\u00bboff\u00bb button_one_border_radius__hover_enabled=\u00bboff\u00bb button_two_border_radius__hover_enabled=\u00bboff\u00bb button_letter_spacing__hover_enabled=\u00bboff\u00bb button_one_letter_spacing__hover_enabled=\u00bboff\u00bb button_two_letter_spacing__hover_enabled=\u00bboff\u00bb button_bg_color__hover_enabled=\u00bboff\u00bb button_one_bg_color__hover_enabled=\u00bboff\u00bb button_two_bg_color__hover_enabled=\u00bboff\u00bb][\/et_pb_contact_field][et_pb_contact_field field_id=\u00bbEmail\u00bb field_title=\u00bbCorreo electr\u00f3nico\u00bb field_type=\u00bbemail\u00bb _builder_version=\u00bb4.11.1&#8243; form_field_text_color=\u00bb#ffffff\u00bb form_field_font_size=\u00bb16px\u00bb border_color_all=\u00bb#ffffff\u00bb global_colors_info=\u00bb{}\u00bb button_text_size__hover_enabled=\u00bboff\u00bb button_one_text_size__hover_enabled=\u00bboff\u00bb button_two_text_size__hover_enabled=\u00bboff\u00bb button_text_color__hover_enabled=\u00bboff\u00bb button_one_text_color__hover_enabled=\u00bboff\u00bb button_two_text_color__hover_enabled=\u00bboff\u00bb button_border_width__hover_enabled=\u00bboff\u00bb button_one_border_width__hover_enabled=\u00bboff\u00bb button_two_border_width__hover_enabled=\u00bboff\u00bb button_border_color__hover_enabled=\u00bboff\u00bb button_one_border_color__hover_enabled=\u00bboff\u00bb button_two_border_color__hover_enabled=\u00bboff\u00bb button_border_radius__hover_enabled=\u00bboff\u00bb button_one_border_radius__hover_enabled=\u00bboff\u00bb button_two_border_radius__hover_enabled=\u00bboff\u00bb button_letter_spacing__hover_enabled=\u00bboff\u00bb button_one_letter_spacing__hover_enabled=\u00bboff\u00bb button_two_letter_spacing__hover_enabled=\u00bboff\u00bb button_bg_color__hover_enabled=\u00bboff\u00bb button_one_bg_color__hover_enabled=\u00bboff\u00bb button_two_bg_color__hover_enabled=\u00bboff\u00bb][\/et_pb_contact_field][et_pb_contact_field field_id=\u00bbMessage\u00bb field_title=\u00bbMensaje\u00bb field_type=\u00bbtext\u00bb fullwidth_field=\u00bbon\u00bb _builder_version=\u00bb4.11.1&#8243; form_field_text_color=\u00bb#ffffff\u00bb form_field_font_size=\u00bb16px\u00bb border_color_all=\u00bb#ffffff\u00bb global_colors_info=\u00bb{}\u00bb button_text_size__hover_enabled=\u00bboff\u00bb button_one_text_size__hover_enabled=\u00bboff\u00bb button_two_text_size__hover_enabled=\u00bboff\u00bb button_text_color__hover_enabled=\u00bboff\u00bb button_one_text_color__hover_enabled=\u00bboff\u00bb button_two_text_color__hover_enabled=\u00bboff\u00bb button_border_width__hover_enabled=\u00bboff\u00bb button_one_border_width__hover_enabled=\u00bboff\u00bb button_two_border_width__hover_enabled=\u00bboff\u00bb button_border_color__hover_enabled=\u00bboff\u00bb button_one_border_color__hover_enabled=\u00bboff\u00bb button_two_border_color__hover_enabled=\u00bboff\u00bb button_border_radius__hover_enabled=\u00bboff\u00bb button_one_border_radius__hover_enabled=\u00bboff\u00bb button_two_border_radius__hover_enabled=\u00bboff\u00bb button_letter_spacing__hover_enabled=\u00bboff\u00bb button_one_letter_spacing__hover_enabled=\u00bboff\u00bb button_two_letter_spacing__hover_enabled=\u00bboff\u00bb button_bg_color__hover_enabled=\u00bboff\u00bb button_one_bg_color__hover_enabled=\u00bboff\u00bb button_two_bg_color__hover_enabled=\u00bboff\u00bb][\/et_pb_contact_field][\/et_pb_contact_form][\/et_pb_column][\/et_pb_row][\/et_pb_section][et_pb_section fb_built=\u00bb1&#8243; admin_label=\u00bbSponsor\u00bb _builder_version=\u00bb3.22&#8243; global_colors_info=\u00bb{}\u00bb][et_pb_row _builder_version=\u00bb3.25&#8243; min_height=\u00bb103px\u00bb global_colors_info=\u00bb{}\u00bb][et_pb_column type=\u00bb4_4&#8243; _builder_version=\u00bb3.25&#8243; custom_padding=\u00bb|||\u00bb global_colors_info=\u00bb{}\u00bb custom_padding__hover=\u00bb|||\u00bb][et_pb_text _builder_version=\u00bb4.11.1&#8243; text_font=\u00bb||||||||\u00bb text_font_size=\u00bb20px\u00bb text_line_height=\u00bb1.9em\u00bb header_font=\u00bb||||||||\u00bb header_2_font=\u00bbRoboto|300|||||||\u00bb header_2_font_size=\u00bb50px\u00bb header_2_line_height=\u00bb1.2em\u00bb text_orientation=\u00bbcenter\u00bb max_width=\u00bb700px\u00bb max_width_tablet=\u00bb\u00bb max_width_phone=\u00bb\u00bb max_width_last_edited=\u00bbon|desktop\u00bb module_alignment=\u00bbcenter\u00bb header_2_font_size_tablet=\u00bb40px\u00bb header_2_font_size_phone=\u00bb32px\u00bb header_2_font_size_last_edited=\u00bbon|phone\u00bb global_colors_info=\u00bb{}\u00bb]<\/p>\n<h2>Organiza<\/h2>\n<p>[\/et_pb_text][\/et_pb_column][\/et_pb_row][et_pb_row column_structure=\u00bb1_3,1_3,1_3&#8243; _builder_version=\u00bb3.25&#8243; custom_margin=\u00bb|auto|-54px|auto||\u00bb custom_margin_tablet=\u00bb\u00bb custom_margin_phone=\u00bb\u00bb custom_margin_last_edited=\u00bbon|phone\u00bb global_colors_info=\u00bb{}\u00bb][et_pb_column type=\u00bb1_3&#8243; _builder_version=\u00bb3.25&#8243; custom_padding=\u00bb|||\u00bb global_colors_info=\u00bb{}\u00bb custom_padding__hover=\u00bb|||\u00bb][et_pb_image src=\u00bbhttps:\/\/expoberja-alpujarra.es\/wp-content\/uploads\/2021\/10\/logo-ayuntamiento-azul.png\u00bb title_text=\u00bblogo ayuntamiento azul\u00bb _builder_version=\u00bb4.11.1&#8243; _module_preset=\u00bbdefault\u00bb global_colors_info=\u00bb{}\u00bb][\/et_pb_image][\/et_pb_column][et_pb_column type=\u00bb1_3&#8243; _builder_version=\u00bb3.25&#8243; custom_padding=\u00bb|||\u00bb global_colors_info=\u00bb{}\u00bb custom_padding__hover=\u00bb|||\u00bb][et_pb_image src=\u00bbhttps:\/\/expoberja-alpujarra.es\/wp-content\/uploads\/2021\/10\/LOGO-ACEHBER-DEFINITIVO-1.png\u00bb title_text=\u00bbLOGO ACEHBER DEFINITIVO-1&#8243; _builder_version=\u00bb4.11.1&#8243; _module_preset=\u00bbdefault\u00bb custom_margin=\u00bb41px|||||\u00bb global_colors_info=\u00bb{}\u00bb][\/et_pb_image][\/et_pb_column][et_pb_column type=\u00bb1_3&#8243; _builder_version=\u00bb4.11.1&#8243; _module_preset=\u00bbdefault\u00bb global_colors_info=\u00bb{}\u00bb][et_pb_image src=\u00bbhttps:\/\/expoberja-alpujarra.es\/wp-content\/uploads\/2021\/10\/diputacion-de-almeria.png\u00bb title_text=\u00bbdiputacion de almeria\u00bb align_tablet=\u00bbcenter\u00bb align_phone=\u00bb\u00bb align_last_edited=\u00bbon|desktop\u00bb _builder_version=\u00bb4.11.1&#8243; module_alignment=\u00bbcenter\u00bb custom_margin=\u00bb-50px|||||\u00bb custom_padding=\u00bb1px|||||\u00bb animation_style=\u00bbzoom\u00bb animation_direction=\u00bbbottom\u00bb animation_intensity_zoom=\u00bb10%\u00bb global_colors_info=\u00bb{}\u00bb][\/et_pb_image][\/et_pb_column][\/et_pb_row][\/et_pb_section]<\/p>\n","protected":false},"excerpt":{"rendered":"<p>Te esperamos del 31 de octubre al 2 de noviembre Vuelve una nueva edici\u00f3n de la feria ExpoBerja &#8211; Alpujarra al Centro de Usos M\u00faltiples de Berja (Almer\u00eda).Expositores1. YOHAN PIEL 2. SANTA SABINA SANTO\u00d1A 3. APICULTURA PE\u00d1A 4. GLOBASUR 5. DULCES PEDRO VALVERDE 6. IB\u00c9RICOS SALAMANCA 7. CREACIONES DULCES 8. MIARUCA 9. ECLIPSE ZAPATER\u00cdA 10. [&hellip;]<\/p>\n","protected":false},"author":1,"featured_media":0,"parent":0,"menu_order":0,"comment_status":"closed","ping_status":"closed","template":"","meta":{"_et_pb_use_builder":"on","_et_pb_old_content":"","_et_gb_content_width":"","footnotes":""},"class_list":["post-8","page","type-page","status-publish","hentry"],"_links":{"self":[{"href":"https:\/\/expoberja-alpujarra.es\/index.php?rest_route=\/wp\/v2\/pages\/8","targetHints":{"allow":["GET"]}}],"collection":[{"href":"https:\/\/expoberja-alpujarra.es\/index.php?rest_route=\/wp\/v2\/pages"}],"about":[{"href":"https:\/\/expoberja-alpujarra.es\/index.php?rest_route=\/wp\/v2\/types\/page"}],"author":[{"embeddable":true,"href":"https:\/\/expoberja-alpujarra.es\/index.php?rest_route=\/wp\/v2\/users\/1"}],"replies":[{"embeddable":true,"href":"https:\/\/expoberja-alpujarra.es\/index.php?rest_route=%2Fwp%2Fv2%2Fcomments&post=8"}],"version-history":[{"count":61,"href":"https:\/\/expoberja-alpujarra.es\/index.php?rest_route=\/wp\/v2\/pages\/8\/revisions"}],"predecessor-version":[{"id":161,"href":"https:\/\/expoberja-alpujarra.es\/index.php?rest_route=\/wp\/v2\/pages\/8\/revisions\/161"}],"wp:attachment":[{"href":"https:\/\/expoberja-alpujarra.es\/index.php?rest_route=%2Fwp%2Fv2%2Fmedia&parent=8"}],"curies":[{"name":"wp","href":"https:\/\/api.w.org\/{rel}","templated":true}]}}